{"id":2706,"date":"2023-09-04T15:19:55","date_gmt":"2023-09-04T14:19:55","guid":{"rendered":"http:\/\/promotion-quarre-morvan.fr\/?page_id=2706"},"modified":"2023-11-06T15:40:39","modified_gmt":"2023-11-06T14:40:39","slug":"elementor-2706","status":"publish","type":"page","link":"http:\/\/promotion-quarre-morvan.fr\/index.php\/elementor-2706\/","title":{"rendered":"F\u00eate de la Ch\u00e2taigne 2023"},"content":{"rendered":"\t\t<div data-elementor-type=\"wp-page\" data-elementor-id=\"2706\" class=\"elementor elementor-2706\">\n\t\t\t\t\t\t<section class=\"elementor-section elementor-top-section elementor-element elementor-element-ae618e1 elementor-section-boxed elementor-section-height-default elementor-section-height-default\" data-id=\"ae618e1\" data-element_type=\"section\">\n\t\t\t\t\t\t<div class=\"elementor-container elementor-column-gap-default\">\n\t\t\t\t\t<div class=\"elementor-column elementor-col-100 elementor-top-column elementor-element elementor-element-295966d\" data-id=\"295966d\" data-element_type=\"column\">\n\t\t\t<div class=\"elementor-widget-wrap elementor-element-populated\">\n\t\t\t\t\t\t<section class=\"elementor-section elementor-inner-section elementor-element elementor-element-45109b0 elementor-section-boxed elementor-section-height-default elementor-section-height-default\" data-id=\"45109b0\" data-element_type=\"section\">\n\t\t\t\t\t\t<div class=\"elementor-container elementor-column-gap-default\">\n\t\t\t\t\t<div class=\"elementor-column elementor-col-50 elementor-inner-column elementor-element elementor-element-5a85efe\" data-id=\"5a85efe\" data-element_type=\"column\">\n\t\t\t<div class=\"elementor-widget-wrap elementor-element-populated\">\n\t\t\t\t\t\t<div class=\"elementor-element elementor-element-707838b elementor-widget elementor-widget-image\" data-id=\"707838b\" data-element_type=\"widget\" data-widget_type=\"image.default\">\n\t\t\t\t<div class=\"elementor-widget-container\">\n\t\t\t\t\t\t\t\t\t\t\t\t\t\t\t<img fetchpriority=\"high\" decoding=\"async\" width=\"510\" height=\"720\" src=\"http:\/\/promotion-quarre-morvan.fr\/wp-content\/uploads\/2023\/09\/Affiche_fetedelachataigne_22octobre_2023.png\" class=\"attachment-large size-large wp-image-2737\" alt=\"\" srcset=\"http:\/\/promotion-quarre-morvan.fr\/wp-content\/uploads\/2023\/09\/Affiche_fetedelachataigne_22octobre_2023.png 510w, http:\/\/promotion-quarre-morvan.fr\/wp-content\/uploads\/2023\/09\/Affiche_fetedelachataigne_22octobre_2023-213x300.png 213w\" sizes=\"(max-width: 510px) 100vw, 510px\" \/>\t\t\t\t\t\t\t\t\t\t\t\t\t\t\t<\/div>\n\t\t\t\t<\/div>\n\t\t\t\t\t<\/div>\n\t\t<\/div>\n\t\t\t\t<div class=\"elementor-column elementor-col-50 elementor-inner-column elementor-element elementor-element-3b88b1e\" data-id=\"3b88b1e\" data-element_type=\"column\">\n\t\t\t<div class=\"elementor-widget-wrap elementor-element-populated\">\n\t\t\t\t\t\t<div class=\"elementor-element elementor-element-b654b46 elementor-widget elementor-widget-text-editor\" data-id=\"b654b46\" data-element_type=\"widget\" data-widget_type=\"text-editor.default\">\n\t\t\t\t<div class=\"elementor-widget-container\">\n\t\t\t\t\t\t\t\t\t<p><span style=\"font-size: 14.0pt; color: black;\">F\u00eate de la ch\u00e2taigne Dimanche 22 octobre au Parc municipal de Quarr\u00e9 les Tombes.<\/span><\/p><p><span style=\"font-size: 14.0pt; color: black;\">Vous y trouverez les ch\u00e2taignes fraiches pour vos pr\u00e9parations, grill\u00e9es sur place pour se rechauffer les mains,\u00a0\u00e0 d\u00e9guster br\u00fblantes\u00a0et les produits\u00a0\u00e0 base de ch\u00e2taignes dont la fameuse terrine,\u00a0les centaines de m\u00e8tres de boudin et les cr\u00eapes \u00e0 la farine de ch\u00e2taigne.<\/span><\/p><p><span style=\"font-size: 14.0pt; color: black;\">Le jus de pommes\u00a0press\u00e9es sur place.<\/span><\/p><p><span style=\"font-size: 14.0pt; color: black;\">De nombreux producteurs et artisans de bouche du Morvan seront pr\u00e9sents sur la f\u00eate.<\/span><\/p><p><span style=\"font-size: 14.0pt; color: black;\">Pour vous restaurer, la buvette avec salades, frites,\u00a0saucisses, et\u00a0boudin grill\u00e9s<\/span><\/p><p><span style=\"font-size: 14.0pt; color: black;\">Un d\u00e9jeuner \u00e0 base de\u00a0produits du terroir, servi dans la salle polyvalente est propos\u00e9 \u00e0\u00a028 \u20ac &#8211; ap\u00e9ritif et caf\u00e9 inclus. R\u00e9servation sur <a href=\"mailto:resapqm@orange.fr\" data-cke-saved-href=\"mailto:resapqm@orange.fr\">resapqm@orange.fr<\/a>. (menu en pj)<\/span><\/p><p>\u00a0<\/p><p><span style=\"font-size: 14.0pt; color: black;\">Du c\u00f4t\u00e9 animation, la journ\u00e9e sera accompagn\u00e9e en musique par Domisique et Ludoquarr\u00e9 tiendra son espace jeu pour petits et grands !<\/span><\/p>\t\t\t\t\t\t\t\t<\/div>\n\t\t\t\t<\/div>\n\t\t\t\t\t<\/div>\n\t\t<\/div>\n\t\t\t\t\t<\/div>\n\t\t<\/section>\n\t\t\t\t\t<\/div>\n\t\t<\/div>\n\t\t\t\t\t<\/div>\n\t\t<\/section>\n\t\t\t\t<section class=\"elementor-section elementor-top-section elementor-element elementor-element-c347326 elementor-section-boxed elementor-section-height-default elementor-section-height-default\" data-id=\"c347326\" data-element_type=\"section\">\n\t\t\t\t\t\t<div class=\"elementor-container elementor-column-gap-default\">\n\t\t\t\t\t<div class=\"elementor-column elementor-col-50 elementor-top-column elementor-element elementor-element-b11d298\" data-id=\"b11d298\" data-element_type=\"column\">\n\t\t\t<div class=\"elementor-widget-wrap elementor-element-populated\">\n\t\t\t\t\t\t<div class=\"elementor-element elementor-element-de70018 elementor-tabs-view-horizontal elementor-widget elementor-widget-tabs\" data-id=\"de70018\" data-element_type=\"widget\" data-widget_type=\"tabs.default\">\n\t\t\t\t<div class=\"elementor-widget-container\">\n\t\t\t\t\t\t\t<div class=\"elementor-tabs\">\n\t\t\t<div class=\"elementor-tabs-wrapper\" role=\"tablist\" >\n\t\t\t\t\t\t\t\t\t<div id=\"elementor-tab-title-2331\" class=\"elementor-tab-title elementor-tab-desktop-title\" aria-selected=\"true\" data-tab=\"1\" role=\"tab\" tabindex=\"0\" aria-controls=\"elementor-tab-content-2331\" aria-expanded=\"false\">Alimentation<\/div>\n\t\t\t\t\t\t\t\t\t<div id=\"elementor-tab-title-2332\" class=\"elementor-tab-title elementor-tab-desktop-title\" aria-selected=\"false\" data-tab=\"2\" role=\"tab\" tabindex=\"-1\" aria-controls=\"elementor-tab-content-2332\" aria-expanded=\"false\">Ch\u00e2taigne \ud83c\udf30<\/div>\n\t\t\t\t\t\t\t\t\t<div id=\"elementor-tab-title-2333\" class=\"elementor-tab-title elementor-tab-desktop-title\" aria-selected=\"false\" data-tab=\"3\" role=\"tab\" tabindex=\"-1\" aria-controls=\"elementor-tab-content-2333\" aria-expanded=\"false\">Alcool<\/div>\n\t\t\t\t\t\t\t\t\t<div id=\"elementor-tab-title-2334\" class=\"elementor-tab-title elementor-tab-desktop-title\" aria-selected=\"false\" data-tab=\"4\" role=\"tab\" tabindex=\"-1\" aria-controls=\"elementor-tab-content-2334\" aria-expanded=\"false\">Autres<\/div>\n\t\t\t\t\t\t\t<\/div>\n\t\t\t<div class=\"elementor-tabs-content-wrapper\" role=\"tablist\" aria-orientation=\"vertical\">\n\t\t\t\t\t\t\t\t\t<div class=\"elementor-tab-title elementor-tab-mobile-title\" aria-selected=\"true\" data-tab=\"1\" role=\"tab\" tabindex=\"0\" aria-controls=\"elementor-tab-content-2331\" aria-expanded=\"false\">Alimentation<\/div>\n\t\t\t\t\t<div id=\"elementor-tab-content-2331\" class=\"elementor-tab-content elementor-clearfix\" data-tab=\"1\" role=\"tabpanel\" aria-labelledby=\"elementor-tab-title-2331\" tabindex=\"0\" hidden=\"false\"><p><strong>L&rsquo;Andr\u00e9sienne<\/strong><br \/>Confiture artisanale du Morvan<br \/><a href=\"http:\/\/www.landresienne.com\/\">http:\/\/www.landresienne.com\/<\/a><\/p><p><strong>La Trinquelinette<\/strong><br \/>Confiture et compote du Morvan<br \/><a href=\"http:\/\/www.la-trinquelinette.com\">www.la-trinquelinette.com<\/a><\/p><p><strong>L&rsquo;Abbaye de la Pierre qui Vire<\/strong><br \/>Fromage<\/p><p><strong>Maison Maternaud<\/strong><br \/>Maraichage<br \/><a href=\"http:\/\/www.maternaud-gerard-maraicher-pepinieriste.fr\">www.maternaud-gerard-maraicher-pepinieriste.fr<\/a><\/p><p><strong>Miel Vignaud<\/strong><br \/>Miel, pain d&rsquo;\u00e9pice et nougat<\/p><p><strong>Barbotin<\/strong><br \/>Noix et noisette<\/p><p><strong>Jonathan Bayle<\/strong><br \/>Pain d&rsquo;\u00e9pice et p\u00e2te de fruits<\/p><p><strong>Elevage Bio bibracte<\/strong><br \/>Plats cuisin\u00e9s, laine, cuir et savon<br \/><a href=\"http:\/\/www.bio-bibracte.com\">www.bio-bibracte.com<\/a><\/p><p><strong>Le Moulin de la Rochette<\/strong><br \/>Traiteur<br \/><a href=\"http:\/\/larochettetraiteur.com\/\">http:\/\/larochettetraiteur.com\/<\/a><\/p><p><strong>Les Piscicultures du Morvan<\/strong><br \/>Truites et produits d\u00e9riv\u00e9s<\/p><p><strong>Viande Prairie du Morvan\u00a0<\/strong><br \/><a href=\"http:\/\/www.viandesprairiesdumorvan.fr\">www.viandesprairiesdumorvan.fr<\/a><\/p><p><strong>L&rsquo;Agneau de A \u00e0 Z<\/strong><br \/>Viande et produits lain\u00e9s<\/p><p><strong>Rabuat et Fils<\/strong><br \/>Viande de Canard<br \/><a href=\"http:\/\/www.foiegras-rabuat.fr\">www.foiegras-rabuat.fr<\/a><\/p><p><strong>Ferme du Lardot<\/strong><br \/>Viande et produits transform\u00e9s<br \/><a href=\"http:\/\/www.fermedulardot.com\">www.fermedulardot.com<\/a><\/p><p><strong>Ferme de la M\u00e9tairie<\/strong><br \/>Viande de volailles et produits transform\u00e9s<br \/><a href=\"https:\/\/www.ferme-metairie.fr\/\">www.ferme-metairie.fr<\/a><\/p><\/div>\n\t\t\t\t\t\t\t\t\t<div class=\"elementor-tab-title elementor-tab-mobile-title\" aria-selected=\"false\" data-tab=\"2\" role=\"tab\" tabindex=\"-1\" aria-controls=\"elementor-tab-content-2332\" aria-expanded=\"false\">Ch\u00e2taigne \ud83c\udf30<\/div>\n\t\t\t\t\t<div id=\"elementor-tab-content-2332\" class=\"elementor-tab-content elementor-clearfix\" data-tab=\"2\" role=\"tabpanel\" aria-labelledby=\"elementor-tab-title-2332\" tabindex=\"0\" hidden=\"hidden\"><p><strong>Bocaux d&rsquo;Amour<br \/><\/strong>58370 LAROCHEMILLAY<strong><br \/><a href=\"https:\/\/wwoof.fr\/host\/8604-Les-fruits-du-MORVAN-Bocaux-dAmour\">Site internet<\/a><br \/><\/strong><\/p><p>\u00a0<\/p><\/div>\n\t\t\t\t\t\t\t\t\t<div class=\"elementor-tab-title elementor-tab-mobile-title\" aria-selected=\"false\" data-tab=\"3\" role=\"tab\" tabindex=\"-1\" aria-controls=\"elementor-tab-content-2333\" aria-expanded=\"false\">Alcool<\/div>\n\t\t\t\t\t<div id=\"elementor-tab-content-2333\" class=\"elementor-tab-content elementor-clearfix\" data-tab=\"3\" role=\"tabpanel\" aria-labelledby=\"elementor-tab-title-2333\" tabindex=\"0\" hidden=\"hidden\"><p><strong>L&rsquo;Ap\u00e9ro Malain<\/strong><br \/>Ap\u00e9ritif Morvandiaux<\/p><p><strong>Champagne Guyard Lamoureux<\/strong><\/p><p><strong>Vignerons de la Colline Eternelle<\/strong><br \/>Vin de V\u00e9zelay<\/p><p><strong>Domaine Eypert<\/strong><br \/>Vin de V\u00e9zelay<\/p><p><strong>Domaine la Charloise<\/strong><br \/>Vins et cidres<\/p><\/div>\n\t\t\t\t\t\t\t\t\t<div class=\"elementor-tab-title elementor-tab-mobile-title\" aria-selected=\"false\" data-tab=\"4\" role=\"tab\" tabindex=\"-1\" aria-controls=\"elementor-tab-content-2334\" aria-expanded=\"false\">Autres<\/div>\n\t\t\t\t\t<div id=\"elementor-tab-content-2334\" class=\"elementor-tab-content elementor-clearfix\" data-tab=\"4\" role=\"tabpanel\" aria-labelledby=\"elementor-tab-title-2334\" tabindex=\"0\" hidden=\"hidden\"><p>CBS Briez Tata g\u00e2to<br \/>Caramels au Beurre sal\u00e9<br \/><a href=\"http:\/\/www.tatagato.fr\">www.tatagato.fr<\/a><\/p><p>Macarons de Charlou<br \/>Macarons<br \/><a href=\"http:\/\/www.lesmacaronsdecharlou.com\">www.lesmacaronsdecharlou.com<\/a><\/p><p>Les Petits Potins<br \/>Tartinade pour l&rsquo;ap\u00e9ro<br \/><a href=\"http:\/\/www.lespetitspotins-amaury.com\">www.lespetitspotins-amaury.com<\/a><\/p><p><strong>Tisanes Dan De Lion\u00a0<\/strong><br \/>Tisane<br \/><a href=\"http:\/\/www.tisanedandelion.fr\">www.tisanedandelion.fr<\/a><\/p><p><strong>Trapi Trapan<\/strong><br \/>Tisane<\/p><p>\u00a0<\/p><\/div>\n\t\t\t\t\t\t\t<\/div>\n\t\t<\/div>\n\t\t\t\t\t\t<\/div>\n\t\t\t\t<\/div>\n\t\t\t\t\t<\/div>\n\t\t<\/div>\n\t\t\t\t<div class=\"elementor-column elementor-col-50 elementor-top-column elementor-element elementor-element-3189aa4\" data-id=\"3189aa4\" data-element_type=\"column\">\n\t\t\t<div class=\"elementor-widget-wrap elementor-element-populated\">\n\t\t\t\t\t\t<div class=\"elementor-element elementor-element-bd4597f elementor-widget elementor-widget-image\" data-id=\"bd4597f\" data-element_type=\"widget\" data-widget_type=\"image.default\">\n\t\t\t\t<div class=\"elementor-widget-container\">\n\t\t\t\t\t\t\t\t\t\t\t\t\t\t\t<img decoding=\"async\" width=\"721\" height=\"1024\" src=\"http:\/\/promotion-quarre-morvan.fr\/wp-content\/uploads\/2023\/10\/Menu-Chataigne-2023_page-0001-721x1024.jpg\" class=\"attachment-large size-large wp-image-2745\" alt=\"\" srcset=\"http:\/\/promotion-quarre-morvan.fr\/wp-content\/uploads\/2023\/10\/Menu-Chataigne-2023_page-0001-721x1024.jpg 721w, http:\/\/promotion-quarre-morvan.fr\/wp-content\/uploads\/2023\/10\/Menu-Chataigne-2023_page-0001-211x300.jpg 211w, http:\/\/promotion-quarre-morvan.fr\/wp-content\/uploads\/2023\/10\/Menu-Chataigne-2023_page-0001-768x1090.jpg 768w, http:\/\/promotion-quarre-morvan.fr\/wp-content\/uploads\/2023\/10\/Menu-Chataigne-2023_page-0001.jpg 874w\" sizes=\"(max-width: 721px) 100vw, 721px\" \/>\t\t\t\t\t\t\t\t\t\t\t\t\t\t\t<\/div>\n\t\t\t\t<\/div>\n\t\t\t\t\t<\/div>\n\t\t<\/div>\n\t\t\t\t\t<\/div>\n\t\t<\/section>\n\t\t\t\t<\/div>\n\t\t","protected":false},"excerpt":{"rendered":"<p>F\u00eate de la ch\u00e2taigne Dimanche 22 octobre au Parc municipal de Quarr\u00e9 les Tombes. Vous y trouverez les ch\u00e2taignes fraiches pour vos pr\u00e9parations, grill\u00e9es sur place pour se rechauffer les mains,\u00a0\u00e0 d\u00e9guster br\u00fblantes\u00a0et les produits\u00a0\u00e0 base de ch\u00e2taignes dont la fameuse terrine,\u00a0les centaines de m\u00e8tres de boudin et les cr\u00eapes \u00e0 la farine de ch\u00e2taigne. [&hellip;]<\/p>\n","protected":false},"author":6317,"featured_media":0,"parent":0,"menu_order":0,"comment_status":"closed","ping_status":"closed","template":"","meta":{"footnotes":""},"class_list":["post-2706","page","type-page","status-publish","hentry"],"_links":{"self":[{"href":"http:\/\/promotion-quarre-morvan.fr\/index.php\/wp-json\/wp\/v2\/pages\/2706","targetHints":{"allow":["GET"]}}],"collection":[{"href":"http:\/\/promotion-quarre-morvan.fr\/index.php\/wp-json\/wp\/v2\/pages"}],"about":[{"href":"http:\/\/promotion-quarre-morvan.fr\/index.php\/wp-json\/wp\/v2\/types\/page"}],"author":[{"embeddable":true,"href":"http:\/\/promotion-quarre-morvan.fr\/index.php\/wp-json\/wp\/v2\/users\/6317"}],"replies":[{"embeddable":true,"href":"http:\/\/promotion-quarre-morvan.fr\/index.php\/wp-json\/wp\/v2\/comments?post=2706"}],"version-history":[{"count":17,"href":"http:\/\/promotion-quarre-morvan.fr\/index.php\/wp-json\/wp\/v2\/pages\/2706\/revisions"}],"predecessor-version":[{"id":2754,"href":"http:\/\/promotion-quarre-morvan.fr\/index.php\/wp-json\/wp\/v2\/pages\/2706\/revisions\/2754"}],"wp:attachment":[{"href":"http:\/\/promotion-quarre-morvan.fr\/index.php\/wp-json\/wp\/v2\/media?parent=2706"}],"curies":[{"name":"wp","href":"https:\/\/api.w.org\/{rel}","templated":true}]}}